{"id":327,"date":"2025-03-05T22:59:28","date_gmt":"2025-03-05T21:59:28","guid":{"rendered":"https:\/\/europus-media.com\/about\/"},"modified":"2025-07-23T16:12:06","modified_gmt":"2025-07-23T16:12:06","slug":"rolunk","status":"publish","type":"page","link":"https:\/\/europus.hu\/en\/rolunk\/","title":{"rendered":"R\u00f3lunk"},"content":{"rendered":"<div class=\"wp-block-uagb-container uagb-block-cb6f3df6 alignfull uagb-is-root-container\">\n<p><\/p>\n<\/div>\n\n\n\n<div class=\"wp-block-uagb-container uag-blocks-common-selector uagb-block-1756e0cc alignfull uagb-is-root-container\"><div class=\"uagb-container-inner-blocks-wrap\">\n<div class=\"wp-block-uagb-info-box uagb-block-7d34615f uagb-infobox__content-wrap  uagb-infobox-icon-above-title uagb-infobox-image-valign-top wp-block-uagb-info-box--has-margin\"><div class=\"uagb-infobox-margin-wrapper\"><div class=\"uagb-ifb-content\"><div class=\"uagb-ifb-title-wrap\"><h6 class=\"uagb-ifb-title-prefix\">R\u00d3LUNK<\/h6><h2 class=\"uagb-ifb-title\">Munk\u00e1nk sor\u00e1n a kezdetekt\u0151k kezdve \u00e9rt\u00e9ket teremt\u00fcnk a megrendel\u0151 ig\u00e9nyei alapj\u00e1n&#8230;<\/h2><\/div><div class=\"uagb-ifb-separator\"><\/div><\/div><\/div><\/div>\n\n\n\n<div class=\"wp-block-uagb-container uagb-block-d60434b8 alignfull uagb-is-root-container\"><div class=\"uagb-container-inner-blocks-wrap\">\n<div class=\"wp-block-uagb-container uagb-block-2e21d103\">\n<p><strong><em>C\u00e9g\u00fcnk 1992 \u00f3ta ny\u00fajt szolg\u00e1ltat\u00e1sokat.<\/em><\/strong><\/p>\n\n\n\n<p>A c\u00e9g alap\u00edt\u00f3ja Kishonti Istv\u00e1n 1980-ban v\u00e9gzett villamosm\u00e9rn\u00f6kk\u00e9nt a Budapesti M\u0171szaki Egyetemen. Tizenk\u00e9t \u00e9ves Magyar R\u00e1di\u00f3s karrier ut\u00e1n, az ott felhalmozott hangtechnikai tud\u00e1ssal c\u00e9get alap\u00edtott, majd k\u00e9t \u00e9vvel k\u00e9s\u0151bb l\u00e9trehozta Magyarorsz\u00e1g els\u0151 hangtechnikai oktat\u00e1si int\u00e9zm\u00e9ny\u00e9t, k\u00e9s\u0151bb elektronikus m\u00e9diam\u0171v\u00e9szeti iskol\u00e1j\u00e1t. Ezen az \u00faton haladva m\u00e9rn\u00f6ktan\u00e1ri, k\u00f6zoktat\u00e1s vezet\u0151i, feln\u0151ttoktat\u00e1si szak\u00e9rt\u0151 diplom\u00e1t szerzett. Az oktat\u00e1s m\u00e1ig az eurOpus Hangtechnikai Kft. fontos tev\u00e9kenys\u00e9ge.<\/p>\n\n\n\n<p>Az elm\u00falt \u00e9vtizedek tev\u00e9kenys\u00e9g\u00e9r\u0151l a <a href=\"https:\/\/europus.hu\/en\/referenciak\/\" data-type=\"link\" data-id=\"https:\/\/europus.hu\/referenciak\/\">referenci\u00e1k<\/a> men\u00fcpont alatt tal\u00e1l utal\u00e1sokat, amib\u0151l l\u00e1tszik mi\u00e9rt jelmondatunk az:<\/p>\n\n\n\n<p style=\"font-size:20px\"><strong><em>\u201eMinden, ami hang\u201d.<\/em><\/strong><\/p>\n\n\n\n<p>C\u00e9g\u00fcnk kis l\u00e9tsz\u00e1m\u00fa csal\u00e1di c\u00e9g. K\u00e9t \u00fcgyvezet\u0151je van, Kishonti Istv\u00e1n \u00e9s Zavari Juli\u00e1nna.<\/p>\n\n\n\n<p>Zavari Juli\u00e1nna tan\u00edt\u00f3 diplom\u00e1val kezdte p\u00e1lyafut\u00e1s\u00e1t, majd a c\u00e9g oktat\u00e1si tev\u00e9kenys\u00e9g\u00e9hez csatlakozva k\u00f6zoktat\u00e1s vezet\u0151i, feln\u0151ttoktat\u00e1si szak\u00e9rt\u0151i, andrag\u00f3gus tan\u00e1ri, etika tan\u00e1ri diplom\u00e1kat szerzett. Meghat\u00e1roz\u00f3 szerepe volt a c\u00e9g oktat\u00e1si tev\u00e9kenys\u00e9g\u00e9nek fejleszt\u00e9s\u00e9ben, m\u0171k\u00f6dtet\u00e9s\u00e9ben.<\/p>\n\n\n\n<p>A c\u00e9g tev\u00e9kenys\u00e9g\u00e9nek fontos szerepl\u0151je Kishonti M\u00e1t\u00e9 \u00e9s Kishonti Bal\u00e1zs. Mindketten v\u00e9gzett hangmesterek, Kishonti Bal\u00e1zs vizu\u00e1ltechnikus v\u00e9gzetts\u00e9get is szerzett.<\/p>\n\n\n\n<p>C\u00e9g\u00fcnk alapvet\u0151en szellemi szolg\u00e1ltat\u00e1sokat ad a hangtechnika \u00e9s vide\u00f3technika ter\u00fclet\u00e9n. Az oktat\u00e1s mellett kiemelked\u0151 eredm\u00e9nyeket \u00e9rt\u00fcnk el a hangfelv\u00e9tel technika \u00e9s a hangos\u00edt\u00e1s technika ter\u00fclet\u00e9n. A vil\u00e1gon egyed\u00fcl\u00e1ll\u00f3an foglalkozunk a kvadrofon hangtechnik\u00e1val, \u00e9s a m\u0171v\u00e9szi hangk\u00e9ptervez\u00e9ssel.<\/p>\n\n\n\n<p>Kiv\u00e1l\u00f3 min\u0151s\u00e9g\u0171 hangtechnikai m\u0171szerparkunkkal \u00e9s r\u00f6gz\u00edt\u00e9stechnikai eszk\u00f6zeinkkel vil\u00e1gsz\u00ednvonal\u00fa szolg\u00e1ltat\u00e1sokat tudunk ny\u00fajtani megrendel\u0151ink sz\u00e1m\u00e1ra, hangfelv\u00e9tel k\u00e9sz\u00edt\u00e9s \u00e9s akusztikai m\u00e9r\u00e9sek ter\u00fclet\u00e9n.<\/p>\n\n\n\n<p><strong><em>L\u00e1sd m\u00e9g (linkek):<\/em><\/strong><\/p>\n\n\n\n<p class=\"has-ast-global-color-0-color has-text-color has-link-color wp-elements-95f1a05df252009cd55cbe9acf5bd5df\" style=\"padding-top:var(--wp--preset--spacing--20);padding-bottom:var(--wp--preset--spacing--20)\"><strong><a href=\"https:\/\/europus.hu\/en\/kishonti-istvan-oneletrajz\/\" data-type=\"link\" data-id=\"https:\/\/europus.hu\/kishonti-istvan-oneletrajz\/\">Kishonti Istv\u00e1n szakmai \u00e9letrajz (pdf)<\/a><br><a href=\"https:\/\/hu.wikipedia.org\/wiki\/Kishonti_Istv%C3%A1n\" data-type=\"link\" data-id=\"https:\/\/hu.wikipedia.org\/wiki\/Kishonti_Istv%C3%A1n\">Kishonti Istv\u00e1n a Wikip\u00e9di\u00e1n<\/a><\/strong><\/p>\n\n\n\n<p class=\"has-ast-global-color-0-color has-text-color has-link-color wp-elements-75be2bfd62684db6f100e517565ee56a\"><a href=\"https:\/\/europus.hu\/en\/az-europus-hangtechnikai-kozpont-kft-tortenete\/\" data-type=\"link\" data-id=\"https:\/\/europus.hu\/az-europus-hangtechnikai-kozpont-kft-tortenete\/\"><strong>Az eurOpus t\u00f6rt\u00e9nete (pdf)<\/strong><\/a><\/p>\n\n\n\n<p>B\u00e9relhet\u0151 \u00e9s megrendelhet\u0151 eszk\u00f6zeink<\/p>\n<\/div>\n<\/div><\/div>\n<\/div><\/div>\n\n\n\n<div class=\"wp-block-uagb-container uagb-block-95dfdde7 alignfull uagb-is-root-container\"><div class=\"uagb-container-inner-blocks-wrap\"><\/div><\/div>\n\n\n\n<p><\/p>\n\n\n\n<p><\/p>","protected":false},"excerpt":{"rendered":"<p>C\u00e9g\u00fcnk 1992 \u00f3ta ny\u00fajt szolg\u00e1ltat\u00e1sokat. A c\u00e9g alap\u00edt\u00f3ja Kishonti Istv\u00e1n 1980-ban v\u00e9gzett villamosm\u00e9rn\u00f6kk\u00e9nt a Budapesti M\u0171szaki Egyetemen. Tizenk\u00e9t \u00e9ves Magyar R\u00e1di\u00f3s karrier ut\u00e1n, az ott felhalmozott hangtechnikai tud\u00e1ssal c\u00e9get alap\u00edtott, majd k\u00e9t \u00e9vvel k\u00e9s\u0151bb l\u00e9trehozta Magyarorsz\u00e1g els\u0151 hangtechnikai oktat\u00e1si int\u00e9zm\u00e9ny\u00e9t, k\u00e9s\u0151bb elektronikus m\u00e9diam\u0171v\u00e9szeti iskol\u00e1j\u00e1t. Ezen az \u00faton haladva m\u00e9rn\u00f6ktan\u00e1ri, k\u00f6zoktat\u00e1s vezet\u0151i, feln\u0151ttoktat\u00e1si szak\u00e9rt\u0151 diplom\u00e1t szerzett. [&hellip;]<\/p>","protected":false},"author":2,"featured_media":0,"parent":0,"menu_order":0,"comment_status":"closed","ping_status":"closed","template":"","meta":{"_uag_custom_page_level_css":"","site-sidebar-layout":"no-sidebar","site-content-layout":"page-builder","ast-site-content-layout":"full-width-container","site-content-style":"unboxed","site-sidebar-style":"unboxed","ast-global-header-display":"","ast-banner-title-visibility":"","ast-main-header-display":"","ast-hfb-above-header-display":"","ast-hfb-below-header-display":"","ast-hfb-mobile-header-display":"","site-post-title":"disabled","ast-breadcrumbs-content":"","ast-featured-img":"disabled","footer-sml-layout":"","theme-transparent-header-meta":"enabled","adv-header-id-meta":"","stick-header-meta":"","header-above-stick-meta":"","header-main-stick-meta":"","header-below-stick-meta":"","astra-migrate-meta-layouts":"set","ast-page-background-enabled":"default","ast-page-background-meta":{"desktop":{"background-color":"","background-image":"","background-repeat":"repeat","background-position":"center center","background-size":"auto","background-attachment":"scroll","background-type":"","background-media":"","overlay-type":"","overlay-color":"","overlay-opacity":"","overlay-gradient":""},"tablet":{"background-color":"","background-image":"","background-repeat":"repeat","background-position":"center center","background-size":"auto","background-attachment":"scroll","background-type":"","background-media":"","overlay-type":"","overlay-color":"","overlay-opacity":"","overlay-gradient":""},"mobile":{"background-color":"","background-image":"","background-repeat":"repeat","background-position":"center center","background-size":"auto","background-attachment":"scroll","background-type":"","background-media":"","overlay-type":"","overlay-color":"","overlay-opacity":"","overlay-gradient":""}},"ast-content-background-meta":{"desktop":{"background-color":"var(--ast-global-color-5)","background-image":"","background-repeat":"repeat","background-position":"center center","background-size":"auto","background-attachment":"scroll","background-type":"","background-media":"","overlay-type":"","overlay-color":"","overlay-opacity":"","overlay-gradient":""},"tablet":{"background-color":"var(--ast-global-color-5)","background-image":"","background-repeat":"repeat","background-position":"center center","background-size":"auto","background-attachment":"scroll","background-type":"","background-media":"","overlay-type":"","overlay-color":"","overlay-opacity":"","overlay-gradient":""},"mobile":{"background-color":"var(--ast-global-color-5)","background-image":"","background-repeat":"repeat","background-position":"center center","background-size":"auto","background-attachment":"scroll","background-type":"","background-media":"","overlay-type":"","overlay-color":"","overlay-opacity":"","overlay-gradient":""}},"footnotes":""},"class_list":["post-327","page","type-page","status-publish","hentry"],"uagb_featured_image_src":{"full":false,"thumbnail":false,"medium":false,"medium_large":false,"large":false,"1536x1536":false,"2048x2048":false,"trp-custom-language-flag":false},"uagb_author_info":{"display_name":"europu","author_link":"https:\/\/europus.hu\/en\/author\/europu\/"},"uagb_comment_info":0,"uagb_excerpt":"C\u00e9g\u00fcnk 1992 \u00f3ta ny\u00fajt szolg\u00e1ltat\u00e1sokat. A c\u00e9g alap\u00edt\u00f3ja Kishonti Istv\u00e1n 1980-ban v\u00e9gzett villamosm\u00e9rn\u00f6kk\u00e9nt a Budapesti M\u0171szaki Egyetemen. Tizenk\u00e9t \u00e9ves Magyar R\u00e1di\u00f3s karrier ut\u00e1n, az ott felhalmozott hangtechnikai tud\u00e1ssal c\u00e9get alap\u00edtott, majd k\u00e9t \u00e9vvel k\u00e9s\u0151bb l\u00e9trehozta Magyarorsz\u00e1g els\u0151 hangtechnikai oktat\u00e1si int\u00e9zm\u00e9ny\u00e9t, k\u00e9s\u0151bb elektronikus m\u00e9diam\u0171v\u00e9szeti iskol\u00e1j\u00e1t. Ezen az \u00faton haladva m\u00e9rn\u00f6ktan\u00e1ri, k\u00f6zoktat\u00e1s vezet\u0151i, feln\u0151ttoktat\u00e1si szak\u00e9rt\u0151 diplom\u00e1t szerzett.&hellip;","_links":{"self":[{"href":"https:\/\/europus.hu\/en\/wp-json\/wp\/v2\/pages\/327","targetHints":{"allow":["GET"]}}],"collection":[{"href":"https:\/\/europus.hu\/en\/wp-json\/wp\/v2\/pages"}],"about":[{"href":"https:\/\/europus.hu\/en\/wp-json\/wp\/v2\/types\/page"}],"author":[{"embeddable":true,"href":"https:\/\/europus.hu\/en\/wp-json\/wp\/v2\/users\/2"}],"replies":[{"embeddable":true,"href":"https:\/\/europus.hu\/en\/wp-json\/wp\/v2\/comments?post=327"}],"version-history":[{"count":31,"href":"https:\/\/europus.hu\/en\/wp-json\/wp\/v2\/pages\/327\/revisions"}],"predecessor-version":[{"id":3798,"href":"https:\/\/europus.hu\/en\/wp-json\/wp\/v2\/pages\/327\/revisions\/3798"}],"wp:attachment":[{"href":"https:\/\/europus.hu\/en\/wp-json\/wp\/v2\/media?parent=327"}],"curies":[{"name":"wp","href":"https:\/\/api.w.org\/{rel}","templated":true}]}}